{"id":120,"date":"2020-07-02T14:19:40","date_gmt":"2020-07-02T14:19:40","guid":{"rendered":"http:\/\/coopespartillar.com.ar\/?page_id=120"},"modified":"2020-07-02T14:31:48","modified_gmt":"2020-07-02T14:31:48","slug":"telefonia","status":"publish","type":"page","link":"https:\/\/coopespartillar.com.ar\/index.php\/telefonia\/","title":{"rendered":"Telefon\u00eda"},"content":{"rendered":"\n<h2 class=\"wp-block-heading\">Rese\u00f1a Hist\u00f3rica<\/h2>\n\n\n\n<p>Espartillar, es una localidad que, por su ubicaci\u00f3n geogr\u00e1fica, se encuentra alejada de las l\u00edneas troncales telef\u00f3nicas. Es por esa causa que en los a\u00f1os 1925 a 1927, gracias a su actitud de progreso, los pobladores Sres. Dativo y Alipio Diez y Santos D\u00f3mina, traen desde Arroyo Corto, localidad m\u00e1s cercana, dos l\u00edneas telef\u00f3nicas, que en el recuerdo de los pobladores m\u00e1s memoriosos fueron Arroyo Corto 18 y 19. Estos tel\u00e9fonos, por m\u00e1s de cuarenta a\u00f1os, funcionaron en los respectivos domicilios de sus propietarios, tel\u00e9fonos que, a pesar de ser particulares, siempre estuvieron al servicio de la comunidad.<\/p>\n\n\n\n<p> Por ese motivo a mediados de 1.969, con una poblaci\u00f3n m\u00e1s numerosa y siendo otra la situaci\u00f3n econ\u00f3mica, El Consejo de Administraci\u00f3n de la Cooperativa El\u00e9ctrica, bajo la presidencia del Sr. Emilio Clergue, se reune con el Sr. Intendente Municipal Don H\u00e9ctor Bilbao para discutir la posibilidad de la colocaci\u00f3n de tel\u00e9fonos en Espartillar y tener as\u00ed su propia Central Telef\u00f3nica. <\/p>\n\n\n\n<p>Estas iniciativas llevan a la instalaci\u00f3n del Radioenlace con Pig\u00fc\u00e9 y se fija como fecha de habilitaci\u00f3n el 27 de diciembre de 1.971. La nueva Central Autom\u00e1tica Telef\u00f3nica de Espartillar con treinta usuarios ya es una realidad. Es de hacer notar que se adhirieron varios usuarios rurales lo cual motiv\u00f3 el trazado de l\u00edneas f\u00edsicas.<\/p>\n\n\n\n<div class=\"wp-block-button aligncenter\"><a class=\"wp-block-button__link\" href=\"\/wp-content\/uploads\/2020\/07\/historia-telefonia-espartillar.pdf\">Descargar Historia Completa<\/a><\/div>\n\n\n\n<div class=\"wp-block-image\"><figure class=\"aligncenter\"><img decoding=\"async\" loading=\"lazy\" width=\"300\" height=\"78\" src=\"http:\/\/coopespartillar.com.ar\/wp-content\/uploads\/2020\/07\/enacom-300x78.jpg\" alt=\"\" class=\"wp-image-123\" srcset=\"https:\/\/coopespartillar.com.ar\/wp-content\/uploads\/2020\/07\/enacom-300x78.jpg 300w, https:\/\/coopespartillar.com.ar\/wp-content\/uploads\/2020\/07\/enacom.jpg 703w\" sizes=\"(max-width: 300px) 100vw, 300px\" \/><figcaption><a href=\"https:\/\/www.google.com\/url?sa=i&amp;url=https%3A%2F%2Fwww.enacom.gob.ar%2F&amp;psig=AOvVaw0KEhO17kalC76B9dcS_3JQ&amp;ust=1593786123543000&amp;source=images&amp;cd=vfe&amp;ved=2ahUKEwjzjZqP4q7qAhXaD9QKHWIKCQkQr4kDegUIARCWAQ\" target=\"_blank\" rel=\"noreferrer noopener\" aria-label=\" (opens in a new tab)\">enacom.gob.ar<\/a> <\/figcaption><\/figure><\/div>\n","protected":false},"excerpt":{"rendered":"<p>Rese\u00f1a Hist\u00f3rica Espartillar, es una localidad que, por su ubicaci\u00f3n geogr\u00e1fica, se encuentra alejada de las l\u00edneas troncales telef\u00f3nicas. Es por esa causa que en los a\u00f1os 1925 a 1927, gracias a su actitud de progreso, los pobladores Sres. Dativo y Alipio Diez y Santos D\u00f3mina, traen desde Arroyo Corto, localidad m\u00e1s cercana, dos l\u00edneas&hellip;<\/p>\n","protected":false},"author":1,"featured_media":0,"parent":0,"menu_order":0,"comment_status":"closed","ping_status":"closed","template":"","meta":{"footnotes":""},"_links":{"self":[{"href":"https:\/\/coopespartillar.com.ar\/index.php\/wp-json\/wp\/v2\/pages\/120"}],"collection":[{"href":"https:\/\/coopespartillar.com.ar\/index.php\/wp-json\/wp\/v2\/pages"}],"about":[{"href":"https:\/\/coopespartillar.com.ar\/index.php\/wp-json\/wp\/v2\/types\/page"}],"author":[{"embeddable":true,"href":"https:\/\/coopespartillar.com.ar\/index.php\/wp-json\/wp\/v2\/users\/1"}],"replies":[{"embeddable":true,"href":"https:\/\/coopespartillar.com.ar\/index.php\/wp-json\/wp\/v2\/comments?post=120"}],"version-history":[{"count":2,"href":"https:\/\/coopespartillar.com.ar\/index.php\/wp-json\/wp\/v2\/pages\/120\/revisions"}],"predecessor-version":[{"id":124,"href":"https:\/\/coopespartillar.com.ar\/index.php\/wp-json\/wp\/v2\/pages\/120\/revisions\/124"}],"wp:attachment":[{"href":"https:\/\/coopespartillar.com.ar\/index.php\/wp-json\/wp\/v2\/media?parent=120"}],"curies":[{"name":"wp","href":"https:\/\/api.w.org\/{rel}","templated":true}]}}